{"id":52240,"date":"2025-05-23T19:21:44","date_gmt":"2025-05-23T19:21:44","guid":{"rendered":"https:\/\/www.parkinson.ca\/?page_id=52240"},"modified":"2026-01-19T23:13:10","modified_gmt":"2026-01-19T23:13:10","slug":"partenariat-de-soins-gerer-ensemble-la-maladie-de-parkinson","status":"publish","type":"page","link":"https:\/\/www.parkinson.ca\/fr\/ressources\/publications-educatives\/partenariat-de-soins-gerer-ensemble-la-maladie-de-parkinson\/","title":{"rendered":"Partenariat de soins: G\u00e9rer ensemble la maladie de Parkinson"},"content":{"rendered":"\n<div class=\"wp-block-columns has-blue-background-color has-background is-layout-flex wp-container-core-columns-is-layout-9d6595d7 wp-block-columns-is-layout-flex\">\n<div class=\"wp-block-column is-vertically-aligned-center is-layout-flow wp-block-column-is-layout-flow\" style=\"flex-basis:66.66%\">\n<div style=\"height:100px\" aria-hidden=\"true\" class=\"wp-block-spacer is-style-responsive-xsmall\"><\/div>\n\n\n\n<p>Ce livret est destin\u00e9 aux partenaires de soins &#8211; membres de la famille, amis et proches &#8211; qui soutiennent une personne atteinte de la maladie de Parkinson.  <\/p>\n\n\n\n<p>Que vous soyez nouveau dans ce r\u00f4le ou que vous suiviez ce chemin depuis un certain temps, la prestation de soins est un voyage qui \u00e9volue. La maladie de Parkinson change la vie de tous ceux qu&rsquo;elle touche, et les soins passent souvent d&rsquo;un partage des responsabilit\u00e9s \u00e0 un soutien plus direct au fil du temps.   <\/p>\n\n\n\n<p>Cette ressource pratique est con\u00e7ue pour vous aider, vous et la personne dont vous vous occupez, \u00e0 g\u00e9rer ensemble la vie quotidienne avec la maladie de Parkinson. Utilisez-le pour susciter des conversations int\u00e9ressantes, construire un partenariat plus solide et vous engager avec plus d&rsquo;assurance aupr\u00e8s des prestataires de soins de sant\u00e9. Le partenariat de soins peut s&rsquo;accompagner d&rsquo;incertitudes, mais avec des connaissances, des outils et du soutien, il peut aussi devenir une exp\u00e9rience profond\u00e9ment enrichissante.    <\/p>\n\n\n\n<div class=\"wp-block-buttons is-layout-flex wp-block-buttons-is-layout-flex\">\n<div class=\"wp-block-button\"><a class=\"wp-block-button__link wp-element-button\" href=\"https:\/\/www.parkinson.ca\/download\/52365\/?tmstv=1748028066\">Acc\u00e9dez au livret num\u00e9rique<\/a><\/div>\n<\/div>\n\n\n\n<p><\/p>\n\n\n\n<p>Avec le soutien du Rexall Care Network.<\/p>\n\n\n\n<figure class=\"wp-block-image alignleft size-large is-resized\"><img loading=\"lazy\" decoding=\"async\" width=\"1024\" height=\"317\" src=\"https:\/\/www.parkinson.ca\/wp-content\/uploads\/2025\/10\/eyJwYXRoIjoiZnJvbnRpZnlcL2ZpbGVcL3pYQ3dRczh4MVl5YlhicVBWbWhTLmVwcyJ9_frontify_eMTPVAd2IFmMbqi-pgZQZzhG-wuZ8nlrENOMkHTcDZA-1024x317.png\" alt=\"\" class=\"wp-image-54892\" style=\"width:312px;height:auto\" srcset=\"https:\/\/www.parkinson.ca\/wp-content\/uploads\/2025\/10\/eyJwYXRoIjoiZnJvbnRpZnlcL2ZpbGVcL3pYQ3dRczh4MVl5YlhicVBWbWhTLmVwcyJ9_frontify_eMTPVAd2IFmMbqi-pgZQZzhG-wuZ8nlrENOMkHTcDZA-1024x317.png 1024w, https:\/\/www.parkinson.ca\/wp-content\/uploads\/2025\/10\/eyJwYXRoIjoiZnJvbnRpZnlcL2ZpbGVcL3pYQ3dRczh4MVl5YlhicVBWbWhTLmVwcyJ9_frontify_eMTPVAd2IFmMbqi-pgZQZzhG-wuZ8nlrENOMkHTcDZA-300x93.png 300w, https:\/\/www.parkinson.ca\/wp-content\/uploads\/2025\/10\/eyJwYXRoIjoiZnJvbnRpZnlcL2ZpbGVcL3pYQ3dRczh4MVl5YlhicVBWbWhTLmVwcyJ9_frontify_eMTPVAd2IFmMbqi-pgZQZzhG-wuZ8nlrENOMkHTcDZA-768x237.png 768w, https:\/\/www.parkinson.ca\/wp-content\/uploads\/2025\/10\/eyJwYXRoIjoiZnJvbnRpZnlcL2ZpbGVcL3pYQ3dRczh4MVl5YlhicVBWbWhTLmVwcyJ9_frontify_eMTPVAd2IFmMbqi-pgZQZzhG-wuZ8nlrENOMkHTcDZA-426x132.png 426w, https:\/\/www.parkinson.ca\/wp-content\/uploads\/2025\/10\/eyJwYXRoIjoiZnJvbnRpZnlcL2ZpbGVcL3pYQ3dRczh4MVl5YlhicVBWbWhTLmVwcyJ9_frontify_eMTPVAd2IFmMbqi-pgZQZzhG-wuZ8nlrENOMkHTcDZA.png 1840w\" sizes=\"auto, (max-width: 1024px) 100vw, 1024px\" \/><\/figure>\n<\/div>\n\n\n\n<div class=\"wp-block-column is-layout-flow wp-block-column-is-layout-flow\" style=\"flex-basis:33.33%\">\n<figure class=\"wp-block-image size-full\"><img loading=\"lazy\" decoding=\"async\" width=\"928\" height=\"1204\" src=\"https:\/\/www.parkinson.ca\/wp-content\/uploads\/2026\/01\/Care-Partnering-image-preview-2025_FR.png\" alt=\"\" class=\"wp-image-56334\" srcset=\"https:\/\/www.parkinson.ca\/wp-content\/uploads\/2026\/01\/Care-Partnering-image-preview-2025_FR.png 928w, https:\/\/www.parkinson.ca\/wp-content\/uploads\/2026\/01\/Care-Partnering-image-preview-2025_FR-231x300.png 231w, https:\/\/www.parkinson.ca\/wp-content\/uploads\/2026\/01\/Care-Partnering-image-preview-2025_FR-789x1024.png 789w, https:\/\/www.parkinson.ca\/wp-content\/uploads\/2026\/01\/Care-Partnering-image-preview-2025_FR-768x996.png 768w, https:\/\/www.parkinson.ca\/wp-content\/uploads\/2026\/01\/Care-Partnering-image-preview-2025_FR-426x553.png 426w, https:\/\/www.parkinson.ca\/wp-content\/uploads\/2026\/01\/Care-Partnering-image-preview-2025_FR-832x1080.png 832w, https:\/\/www.parkinson.ca\/wp-content\/uploads\/2026\/01\/Care-Partnering-image-preview-2025_FR-39x50.png 39w, https:\/\/www.parkinson.ca\/wp-content\/uploads\/2026\/01\/Care-Partnering-image-preview-2025_FR-77x100.png 77w\" sizes=\"auto, (max-width: 928px) 100vw, 928px\" \/><\/figure>\n<\/div>\n<\/div>\n\n\n\n<p><\/p>\n\n\n\n<div style=\"height:100px\" aria-hidden=\"true\" class=\"wp-block-spacer is-style-responsive-small\"><\/div>\n\n\n\n<div class=\"wp-block-group is-layout-constrained wp-block-group-is-layout-constrained\">\n<h2 class=\"wp-block-heading\">Ce que vous pouvez attendre de cette ressource<\/h2>\n\n\n\n<div class=\"wp-block-columns are-vertically-aligned-center is-layout-flex wp-container-core-columns-is-layout-9d6595d7 wp-block-columns-is-layout-flex\">\n<div class=\"wp-block-column is-vertically-aligned-center is-layout-flow wp-block-column-is-layout-flow\">\n<figure class=\"wp-block-image size-large is-resized\"><img loading=\"lazy\" decoding=\"async\" width=\"1024\" height=\"1024\" src=\"https:\/\/www.parkinson.ca\/wp-content\/uploads\/2025\/05\/Care-partnering-managing-Parkinsons-disease-together-1024x1024.png\" alt=\"\" class=\"wp-image-52234\" style=\"width:450px\" srcset=\"https:\/\/www.parkinson.ca\/wp-content\/uploads\/2025\/05\/Care-partnering-managing-Parkinsons-disease-together-1024x1024.png 1024w, https:\/\/www.parkinson.ca\/wp-content\/uploads\/2025\/05\/Care-partnering-managing-Parkinsons-disease-together-300x300.png 300w, https:\/\/www.parkinson.ca\/wp-content\/uploads\/2025\/05\/Care-partnering-managing-Parkinsons-disease-together-150x150.png 150w, https:\/\/www.parkinson.ca\/wp-content\/uploads\/2025\/05\/Care-partnering-managing-Parkinsons-disease-together-768x768.png 768w, https:\/\/www.parkinson.ca\/wp-content\/uploads\/2025\/05\/Care-partnering-managing-Parkinsons-disease-together-426x426.png 426w, https:\/\/www.parkinson.ca\/wp-content\/uploads\/2025\/05\/Care-partnering-managing-Parkinsons-disease-together.png 1080w\" sizes=\"auto, (max-width: 1024px) 100vw, 1024px\" \/><\/figure>\n<\/div>\n\n\n\n<div class=\"wp-block-column is-vertically-aligned-center is-layout-flow wp-block-column-is-layout-flow\">\n<div class=\"wp-block-columns is-layout-flex wp-container-core-columns-is-layout-9d6595d7 wp-block-columns-is-layout-flex\">\n<div class=\"wp-block-column is-vertically-aligned-center is-layout-flow wp-block-column-is-layout-flow\" style=\"flex-basis:5%\">\n<p class=\"has-blue-color has-text-color has-link-color has-xxlarge-font-size wp-elements-343f25304110b854cf9ace2c250d063a\"><strong>1<\/strong><\/p>\n<\/div>\n\n\n\n<div class=\"wp-block-column is-vertically-aligned-center is-layout-flow wp-block-column-is-layout-flow\">\n<p class=\"has-contrast-color has-text-color has-link-color has-medium-font-size wp-elements-667487a570f7a146500bd3b0db24bf7e\">Conseils pour prendre soin de soi et pr\u00e9server son bien-\u00eatre<\/p>\n<\/div>\n<\/div>\n\n\n\n<div class='custom-link '>\n            <div style='width: 90%; height: 3px; background-color: var(--color--accent);'><\/div>\n    <\/div>\n\n\n<div class=\"wp-block-columns is-layout-flex wp-container-core-columns-is-layout-9d6595d7 wp-block-columns-is-layout-flex\">\n<div class=\"wp-block-column is-vertically-aligned-center is-layout-flow wp-block-column-is-layout-flow\" style=\"flex-basis:5%\">\n<p class=\"has-blue-color has-text-color has-link-color has-xxlarge-font-size wp-elements-821ff3ca11bfaca5273fcd0124b05454\"><strong>2<\/strong><\/p>\n<\/div>\n\n\n\n<div class=\"wp-block-column is-vertically-aligned-center is-layout-flow wp-block-column-is-layout-flow\">\n<p class=\"has-contrast-color has-text-color has-link-color has-medium-font-size wp-elements-8b00a14a1573a03e53763f7b81936113\">Conseils en mati\u00e8re de communication pour faire face aux changements et \u00e0 la prise de d\u00e9cision<\/p>\n<\/div>\n<\/div>\n\n\n\n<div class='custom-link '>\n            <div style='width: 90%; height: 3px; background-color: var(--color--accent);'><\/div>\n    <\/div>\n\n\n<div class=\"wp-block-columns is-layout-flex wp-container-core-columns-is-layout-9d6595d7 wp-block-columns-is-layout-flex\">\n<div class=\"wp-block-column is-vertically-aligned-center is-layout-flow wp-block-column-is-layout-flow\" style=\"flex-basis:5%\">\n<p class=\"has-blue-color has-text-color has-link-color has-xxlarge-font-size wp-elements-c02f8eb067cca0d61a1bb6b01f54f7d7\"><strong>3<\/strong><\/p>\n<\/div>\n\n\n\n<div class=\"wp-block-column is-vertically-aligned-center is-layout-flow wp-block-column-is-layout-flow\">\n<p class=\"has-contrast-color has-text-color has-link-color has-medium-font-size wp-elements-5959ce7e3013694f2abaa1a6439043b4\">Strat\u00e9gies pour g\u00e9rer ensemble la vie quotidienne avec la maladie de Parkinson<\/p>\n<\/div>\n<\/div>\n<\/div>\n<\/div>\n<\/div>\n\n\n\n<div style=\"height:100px\" aria-hidden=\"true\" class=\"wp-block-spacer is-style-responsive-small\"><\/div>\n\n\n\n<div class=\"wp-block-group is-layout-constrained wp-block-group-is-layout-constrained\">\n<hr class=\"wp-block-separator has-text-color has-sky-blue-color has-alpha-channel-opacity has-sky-blue-background-color has-background\"\/>\n\n\n\n<h2 class=\"wp-block-heading\">Les feuilles de travail sur le partenariat de soins<\/h2>\n\n\n\n<p>Que vous soyez novice en mati\u00e8re de soins ou que vous ayez des ann\u00e9es d\u2019exp\u00e9rience, les feuilles de travail suivantes peuvent vous aider \u00e0 assumer vos responsabilit\u00e9s quotidiennes avec plus de confiance et de clart\u00e9. Chacune se concentre sur un domaine cl\u00e9 des soins, du maintien de votre propre bien-\u00eatre \u00e0 la planification des routines, en passant par la s\u00e9curit\u00e9 du domicile et la constitution de votre \u00e9quipe de soutien. <\/p>\n\n\n\n<p>Cliquez ci-dessous pour t\u00e9l\u00e9charger toutes les feuilles de travail disponibles et commencer \u00e0 explorer des moyens pratiques de vous soutenir, vous et votre proche.<\/p>\n\n\n\n<div class=\"wp-block-buttons is-layout-flex wp-block-buttons-is-layout-flex\">\n<div class=\"wp-block-button\"><a class=\"wp-block-button__link wp-element-button\" href=\"https:\/\/www.parkinson.ca\/download\/56314\/?tmstv=1768863038\" target=\"_blank\" rel=\"noreferrer noopener\">T\u00e9l\u00e9charger toutes les feuilles de travail disponibles<\/a><\/div>\n<\/div>\n\n\n\n<div style=\"height:100px\" aria-hidden=\"true\" class=\"wp-block-spacer is-style-responsive-xsmall\"><\/div>\n\n\n\n<p>Ou utilisez les feuilles de travail individuellement pour cr\u00e9er une bo\u00eete \u00e0 outils de soins personnalis\u00e9e&nbsp;:<\/p>\n\n\n\n<div style=\"height:100px\" aria-hidden=\"true\" class=\"wp-block-spacer is-style-responsive-xsmall\"><\/div>\n\n\n\n<div class=\"wp-block-columns is-layout-flex wp-container-core-columns-is-layout-9d6595d7 wp-block-columns-is-layout-flex\">\n<div class=\"wp-block-column has-base-background-color has-background is-layout-flow wp-block-column-is-layout-flow\">\n<div class=\"wp-block-columns is-layout-flex wp-container-core-columns-is-layout-9d6595d7 wp-block-columns-is-layout-flex\">\n<div class=\"wp-block-column has-blue-background-color has-background is-layout-flow wp-block-column-is-layout-flow\" style=\"padding-top:30px;padding-right:10px;padding-bottom:30px;padding-left:10px;flex-basis:13%\">\n<figure class=\"wp-block-image size-full\"><img loading=\"lazy\" decoding=\"async\" width=\"500\" height=\"500\" src=\"https:\/\/www.parkinson.ca\/wp-content\/uploads\/2026\/01\/Untitled-design-3-1.png\" alt=\"\" class=\"wp-image-56167\" srcset=\"https:\/\/www.parkinson.ca\/wp-content\/uploads\/2026\/01\/Untitled-design-3-1.png 500w, https:\/\/www.parkinson.ca\/wp-content\/uploads\/2026\/01\/Untitled-design-3-1-300x300.png 300w, https:\/\/www.parkinson.ca\/wp-content\/uploads\/2026\/01\/Untitled-design-3-1-150x150.png 150w, https:\/\/www.parkinson.ca\/wp-content\/uploads\/2026\/01\/Untitled-design-3-1-426x426.png 426w, https:\/\/www.parkinson.ca\/wp-content\/uploads\/2026\/01\/Untitled-design-3-1-50x50.png 50w, https:\/\/www.parkinson.ca\/wp-content\/uploads\/2026\/01\/Untitled-design-3-1-100x100.png 100w\" sizes=\"auto, (max-width: 500px) 100vw, 500px\" \/><\/figure>\n<\/div>\n\n\n\n<div class=\"wp-block-column is-layout-flow wp-block-column-is-layout-flow\" style=\"flex-basis:66.66%\">\n    <div class='icon-link is-style-download'>\n        <a  href='https:\/\/www.parkinson.ca\/wp-content\/uploads\/2026\/01\/01_Auto_evaluation_du_proche_aidant.pdf'\n            target='_blank' rel='noopener noreferrer'        >\n            Auto-\u00e9valuation du partenaire de soins        <\/a>\n    <\/div>\n\n\n\n<p>Un court outil d\u2019autor\u00e9flexion pour aider les partenaires de soins \u00e0 faire le point sur leur bien-\u00eatre physique, \u00e9motionnel et social. Il met en \u00e9vidence les points forts et les domaines o\u00f9 un soutien suppl\u00e9mentaire ou des soins personnels peuvent \u00eatre utiles.<br><br><\/p>\n<\/div>\n<\/div>\n<\/div>\n\n\n\n<div class=\"wp-block-column has-base-background-color has-background is-layout-flow wp-block-column-is-layout-flow\">\n<div class=\"wp-block-columns is-layout-flex wp-container-core-columns-is-layout-9d6595d7 wp-block-columns-is-layout-flex\">\n<div class=\"wp-block-column has-blue-background-color has-background is-layout-flow wp-block-column-is-layout-flow\" style=\"padding-top:30px;padding-right:10px;padding-bottom:30px;padding-left:10px;flex-basis:13%\">\n<figure class=\"wp-block-image size-full\"><img loading=\"lazy\" decoding=\"async\" width=\"500\" height=\"500\" src=\"https:\/\/www.parkinson.ca\/wp-content\/uploads\/2026\/01\/Untitled-design-4.png\" alt=\"\" class=\"wp-image-56172\" srcset=\"https:\/\/www.parkinson.ca\/wp-content\/uploads\/2026\/01\/Untitled-design-4.png 500w, https:\/\/www.parkinson.ca\/wp-content\/uploads\/2026\/01\/Untitled-design-4-300x300.png 300w, https:\/\/www.parkinson.ca\/wp-content\/uploads\/2026\/01\/Untitled-design-4-150x150.png 150w, https:\/\/www.parkinson.ca\/wp-content\/uploads\/2026\/01\/Untitled-design-4-426x426.png 426w, https:\/\/www.parkinson.ca\/wp-content\/uploads\/2026\/01\/Untitled-design-4-50x50.png 50w, https:\/\/www.parkinson.ca\/wp-content\/uploads\/2026\/01\/Untitled-design-4-100x100.png 100w\" sizes=\"auto, (max-width: 500px) 100vw, 500px\" \/><\/figure>\n<\/div>\n\n\n\n<div class=\"wp-block-column is-layout-flow wp-block-column-is-layout-flow\" style=\"flex-basis:66.66%\">\n    <div class='icon-link is-style-download'>\n        <a  href='https:\/\/www.parkinson.ca\/wp-content\/uploads\/2026\/01\/02_Indice_de_fardeau_du_proche_aidant.pdf'\n            target='_blank' rel='noopener noreferrer'        >\n            Calculateur de fardeau du partenaire de soins        <\/a>\n    <\/div>\n\n\n\n<p>Une feuille de travail guid\u00e9e pour aider les partenaires de soins \u00e0 comprendre leur niveau de stress li\u00e9 aux soins. Elle peut favoriser la reconnaissance pr\u00e9coce de l\u2019\u00e9puisement professionnel et encourager les conversations sur le soutien et l\u2019adaptation. <br><\/p>\n<\/div>\n<\/div>\n<\/div>\n\n\n\n<div class=\"wp-block-column has-base-background-color has-background is-layout-flow wp-block-column-is-layout-flow\">\n<div class=\"wp-block-columns is-layout-flex wp-container-core-columns-is-layout-9d6595d7 wp-block-columns-is-layout-flex\">\n<div class=\"wp-block-column has-blue-background-color has-background is-layout-flow wp-block-column-is-layout-flow\" style=\"padding-top:30px;padding-right:10px;padding-bottom:30px;padding-left:10px;flex-basis:13%\">\n<figure class=\"wp-block-image size-full\"><img loading=\"lazy\" decoding=\"async\" width=\"500\" height=\"500\" src=\"https:\/\/www.parkinson.ca\/wp-content\/uploads\/2026\/01\/Untitled-design-5.png\" alt=\"\" class=\"wp-image-56177\" srcset=\"https:\/\/www.parkinson.ca\/wp-content\/uploads\/2026\/01\/Untitled-design-5.png 500w, https:\/\/www.parkinson.ca\/wp-content\/uploads\/2026\/01\/Untitled-design-5-300x300.png 300w, https:\/\/www.parkinson.ca\/wp-content\/uploads\/2026\/01\/Untitled-design-5-150x150.png 150w, https:\/\/www.parkinson.ca\/wp-content\/uploads\/2026\/01\/Untitled-design-5-426x426.png 426w, https:\/\/www.parkinson.ca\/wp-content\/uploads\/2026\/01\/Untitled-design-5-50x50.png 50w, https:\/\/www.parkinson.ca\/wp-content\/uploads\/2026\/01\/Untitled-design-5-100x100.png 100w\" sizes=\"auto, (max-width: 500px) 100vw, 500px\" \/><\/figure>\n<\/div>\n\n\n\n<div class=\"wp-block-column is-layout-flow wp-block-column-is-layout-flow\" style=\"flex-basis:66.66%\">\n    <div class='icon-link is-style-download'>\n        <a  href='https:\/\/www.parkinson.ca\/wp-content\/uploads\/2026\/01\/03_Liste_de_verification_securite_domicile.pdf'\n            target='_blank' rel='noopener noreferrer'        >\n            Liste v\u00e9rification pour l\u2019\u00e9valuation de la s\u00e9curit\u00e9 \u00e0 domicile        <\/a>\n    <\/div>\n\n\n\n<p>Une liste de contr\u00f4le pratique pour \u00e9valuer la s\u00e9curit\u00e9 et l\u2019accessibilit\u00e9 du domicile pour une personne atteinte de la maladie de Parkinson. Elle aide \u00e0 identifier les risques de chute et les domaines o\u00f9 de simples changements peuvent am\u00e9liorer la s\u00e9curit\u00e9 et le confort.<br><\/p>\n<\/div>\n<\/div>\n<\/div>\n<\/div>\n\n\n\n<div class=\"wp-block-columns is-layout-flex wp-container-core-columns-is-layout-9d6595d7 wp-block-columns-is-layout-flex\">\n<div class=\"wp-block-column has-base-background-color has-background is-layout-flow wp-block-column-is-layout-flow\">\n<div class=\"wp-block-columns is-layout-flex wp-container-core-columns-is-layout-9d6595d7 wp-block-columns-is-layout-flex\">\n<div class=\"wp-block-column has-blue-background-color has-background is-layout-flow wp-block-column-is-layout-flow\" style=\"padding-top:30px;padding-right:10px;padding-bottom:30px;padding-left:10px;flex-basis:13%\">\n<figure class=\"wp-block-image size-full\"><img loading=\"lazy\" decoding=\"async\" width=\"500\" height=\"500\" src=\"https:\/\/www.parkinson.ca\/wp-content\/uploads\/2026\/01\/Untitled-design-6.png\" alt=\"\" class=\"wp-image-56184\" srcset=\"https:\/\/www.parkinson.ca\/wp-content\/uploads\/2026\/01\/Untitled-design-6.png 500w, https:\/\/www.parkinson.ca\/wp-content\/uploads\/2026\/01\/Untitled-design-6-300x300.png 300w, https:\/\/www.parkinson.ca\/wp-content\/uploads\/2026\/01\/Untitled-design-6-150x150.png 150w, https:\/\/www.parkinson.ca\/wp-content\/uploads\/2026\/01\/Untitled-design-6-426x426.png 426w, https:\/\/www.parkinson.ca\/wp-content\/uploads\/2026\/01\/Untitled-design-6-50x50.png 50w, https:\/\/www.parkinson.ca\/wp-content\/uploads\/2026\/01\/Untitled-design-6-100x100.png 100w\" sizes=\"auto, (max-width: 500px) 100vw, 500px\" \/><\/figure>\n<\/div>\n\n\n\n<div class=\"wp-block-column is-layout-flow wp-block-column-is-layout-flow\" style=\"flex-basis:66.66%\">\n    <div class='icon-link is-style-download'>\n        <a  href='https:\/\/www.parkinson.ca\/wp-content\/uploads\/2026\/01\/04_Horaire_hebdomadaire_soutien_AVQ.pdf'\n            target='_blank' rel='noopener noreferrer'        >\n            Horaire hebdomadaire de soutien aux activit\u00e9s de la vie quotidienne        <\/a>\n    <\/div>\n\n\n\n<p>Un outil de planification hebdomadaire pour cartographier les t\u00e2ches quotidiennes et pr\u00e9ciser qui est responsable de chaque activit\u00e9. Il aide \u00e0 organiser les routines et \u00e0 identifier les besoins d\u2019aide suppl\u00e9mentaires. <\/p>\n<\/div>\n<\/div>\n<\/div>\n\n\n\n<div class=\"wp-block-column has-base-background-color has-background is-layout-flow wp-block-column-is-layout-flow\">\n<div class=\"wp-block-columns is-layout-flex wp-container-core-columns-is-layout-9d6595d7 wp-block-columns-is-layout-flex\">\n<div class=\"wp-block-column has-blue-background-color has-background is-layout-flow wp-block-column-is-layout-flow\" style=\"padding-top:30px;padding-right:10px;padding-bottom:30px;padding-left:10px;flex-basis:13%\">\n<figure class=\"wp-block-image size-full\"><img loading=\"lazy\" decoding=\"async\" width=\"500\" height=\"500\" src=\"https:\/\/www.parkinson.ca\/wp-content\/uploads\/2026\/01\/Untitled-design-7.png\" alt=\"\" class=\"wp-image-56187\" srcset=\"https:\/\/www.parkinson.ca\/wp-content\/uploads\/2026\/01\/Untitled-design-7.png 500w, https:\/\/www.parkinson.ca\/wp-content\/uploads\/2026\/01\/Untitled-design-7-300x300.png 300w, https:\/\/www.parkinson.ca\/wp-content\/uploads\/2026\/01\/Untitled-design-7-150x150.png 150w, https:\/\/www.parkinson.ca\/wp-content\/uploads\/2026\/01\/Untitled-design-7-426x426.png 426w, https:\/\/www.parkinson.ca\/wp-content\/uploads\/2026\/01\/Untitled-design-7-50x50.png 50w, https:\/\/www.parkinson.ca\/wp-content\/uploads\/2026\/01\/Untitled-design-7-100x100.png 100w\" sizes=\"auto, (max-width: 500px) 100vw, 500px\" \/><\/figure>\n<\/div>\n\n\n\n<div class=\"wp-block-column is-layout-flow wp-block-column-is-layout-flow\" style=\"flex-basis:66.66%\">\n    <div class='icon-link is-style-download'>\n        <a  href='https:\/\/www.parkinson.ca\/wp-content\/uploads\/2026\/01\/05_Suivi_quotidien_besoins_et_routines.pdf'\n            target='_blank' rel='noopener noreferrer'        >\n            Suivi des besoins et de la routine quotidienne        <\/a>\n    <\/div>\n\n\n\n<p>Un aper\u00e7u d\u00e9taill\u00e9 des routines quotidiennes, des besoins en mati\u00e8re de soins personnels, des repas, des m\u00e9dicaments et des pr\u00e9f\u00e9rences. Con\u00e7u pour assurer des soins constants, en particulier lorsque les responsabilit\u00e9s sont partag\u00e9es. <\/p>\n<\/div>\n<\/div>\n<\/div>\n\n\n\n<div class=\"wp-block-column has-base-background-color has-background is-layout-flow wp-block-column-is-layout-flow\">\n<div class=\"wp-block-columns is-layout-flex wp-container-core-columns-is-layout-9d6595d7 wp-block-columns-is-layout-flex\">\n<div class=\"wp-block-column has-blue-background-color has-background is-layout-flow wp-block-column-is-layout-flow\" style=\"padding-top:30px;padding-right:10px;padding-bottom:30px;padding-left:10px;flex-basis:13%\">\n<figure class=\"wp-block-image size-full\"><img loading=\"lazy\" decoding=\"async\" width=\"500\" height=\"500\" src=\"https:\/\/www.parkinson.ca\/wp-content\/uploads\/2026\/01\/Untitled-design-8.png\" alt=\"\" class=\"wp-image-56189\" srcset=\"https:\/\/www.parkinson.ca\/wp-content\/uploads\/2026\/01\/Untitled-design-8.png 500w, https:\/\/www.parkinson.ca\/wp-content\/uploads\/2026\/01\/Untitled-design-8-300x300.png 300w, https:\/\/www.parkinson.ca\/wp-content\/uploads\/2026\/01\/Untitled-design-8-150x150.png 150w, https:\/\/www.parkinson.ca\/wp-content\/uploads\/2026\/01\/Untitled-design-8-426x426.png 426w, https:\/\/www.parkinson.ca\/wp-content\/uploads\/2026\/01\/Untitled-design-8-50x50.png 50w, https:\/\/www.parkinson.ca\/wp-content\/uploads\/2026\/01\/Untitled-design-8-100x100.png 100w\" sizes=\"auto, (max-width: 500px) 100vw, 500px\" \/><\/figure>\n<\/div>\n\n\n\n<div class=\"wp-block-column is-layout-flow wp-block-column-is-layout-flow\" style=\"flex-basis:66.66%\">\n    <div class='icon-link is-style-download'>\n        <a  href='https:\/\/www.parkinson.ca\/wp-content\/uploads\/2026\/01\/06_Plan_et_si.pdf'\n            target='_blank' rel='noopener noreferrer'        >\n            Plan \u00ab au cas o\u00f9 \u00bb        <\/a>\n    <\/div>\n\n\n\n<p>Une feuille de travail de planification pour se pr\u00e9parer aux situations inattendues telles que la maladie, l\u2019hospitalisation ou les urgences. Elle contribue \u00e0 r\u00e9duire le stress en d\u00e9finissant clairement les prochaines \u00e9tapes \u00e0 l\u2019avance. <br><br><br><br><\/p>\n<\/div>\n<\/div>\n<\/div>\n<\/div>\n\n\n\n<div class=\"wp-block-columns is-layout-flex wp-container-core-columns-is-layout-9d6595d7 wp-block-columns-is-layout-flex\">\n<div class=\"wp-block-column has-base-background-color has-background is-layout-flow wp-block-column-is-layout-flow\">\n<div class=\"wp-block-columns is-layout-flex wp-container-core-columns-is-layout-9d6595d7 wp-block-columns-is-layout-flex\">\n<div class=\"wp-block-column has-blue-background-color has-background is-layout-flow wp-block-column-is-layout-flow\" style=\"padding-top:30px;padding-right:10px;padding-bottom:30px;padding-left:10px;flex-basis:13%\">\n<figure class=\"wp-block-image size-full\"><img loading=\"lazy\" decoding=\"async\" width=\"500\" height=\"500\" src=\"https:\/\/www.parkinson.ca\/wp-content\/uploads\/2026\/01\/Untitled-design-9.png\" alt=\"\" class=\"wp-image-56192\" srcset=\"https:\/\/www.parkinson.ca\/wp-content\/uploads\/2026\/01\/Untitled-design-9.png 500w, https:\/\/www.parkinson.ca\/wp-content\/uploads\/2026\/01\/Untitled-design-9-300x300.png 300w, https:\/\/www.parkinson.ca\/wp-content\/uploads\/2026\/01\/Untitled-design-9-150x150.png 150w, https:\/\/www.parkinson.ca\/wp-content\/uploads\/2026\/01\/Untitled-design-9-426x426.png 426w, https:\/\/www.parkinson.ca\/wp-content\/uploads\/2026\/01\/Untitled-design-9-50x50.png 50w, https:\/\/www.parkinson.ca\/wp-content\/uploads\/2026\/01\/Untitled-design-9-100x100.png 100w\" sizes=\"auto, (max-width: 500px) 100vw, 500px\" \/><\/figure>\n<\/div>\n\n\n\n<div class=\"wp-block-column is-layout-flow wp-block-column-is-layout-flow\" style=\"flex-basis:66.66%\">\n    <div class='icon-link is-style-download'>\n        <a  href='https:\/\/www.parkinson.ca\/wp-content\/uploads\/2026\/01\/07_Ajouter_famille_amis_benevoles.pdf'\n            target='_blank' rel='noopener noreferrer'        >\n            Ajouter la famille, les amis et les b\u00e9n\u00e9voles \u00e0 votre r\u00e9seau soins        <\/a>\n    <\/div>\n\n\n\n<p>Un outil pour aider les partenaires de soins \u00e0 identifier qui peut aider, comment ils peuvent aider et \u00e0 quoi ressemble l\u2019engagement de temps. Il favorise le partage des responsabilit\u00e9s et la cr\u00e9ation d\u2019un r\u00e9seau de soutien plus solide. <br><\/p>\n<\/div>\n<\/div>\n<\/div>\n\n\n\n<div class=\"wp-block-column has-base-background-color has-background is-layout-flow wp-block-column-is-layout-flow\">\n<div class=\"wp-block-columns is-layout-flex wp-container-core-columns-is-layout-9d6595d7 wp-block-columns-is-layout-flex\">\n<div class=\"wp-block-column has-blue-background-color has-background is-layout-flow wp-block-column-is-layout-flow\" style=\"padding-top:30px;padding-right:10px;padding-bottom:30px;padding-left:10px;flex-basis:13%\">\n<figure class=\"wp-block-image size-full\"><img loading=\"lazy\" decoding=\"async\" width=\"500\" height=\"500\" src=\"https:\/\/www.parkinson.ca\/wp-content\/uploads\/2026\/01\/Untitled-design-10.png\" alt=\"\" class=\"wp-image-56194\" srcset=\"https:\/\/www.parkinson.ca\/wp-content\/uploads\/2026\/01\/Untitled-design-10.png 500w, https:\/\/www.parkinson.ca\/wp-content\/uploads\/2026\/01\/Untitled-design-10-300x300.png 300w, https:\/\/www.parkinson.ca\/wp-content\/uploads\/2026\/01\/Untitled-design-10-150x150.png 150w, https:\/\/www.parkinson.ca\/wp-content\/uploads\/2026\/01\/Untitled-design-10-426x426.png 426w, https:\/\/www.parkinson.ca\/wp-content\/uploads\/2026\/01\/Untitled-design-10-50x50.png 50w, https:\/\/www.parkinson.ca\/wp-content\/uploads\/2026\/01\/Untitled-design-10-100x100.png 100w\" sizes=\"auto, (max-width: 500px) 100vw, 500px\" \/><\/figure>\n<\/div>\n\n\n\n<div class=\"wp-block-column is-layout-flow wp-block-column-is-layout-flow\" style=\"flex-basis:66.66%\">\n    <div class='icon-link is-style-download'>\n        <a  href='https:\/\/www.parkinson.ca\/wp-content\/uploads\/2026\/01\/08_Questions_pour_fournisseur_de_soins_remuneres.pdf'\n            target='_blank' rel='noopener noreferrer'        >\n            Questions \u00e0 poser \u00e0 un fournisseur de soins individuel (pay\u00e9)        <\/a>\n    <\/div>\n\n\n\n<p>Une liste structur\u00e9e de questions pour guider les conversations avec les prestataires de soins ind\u00e9pendants. Elle permet de s\u2019assurer que leurs comp\u00e9tences, leur disponibilit\u00e9 et leurs attentes correspondent \u00e0 vos besoins. <\/p>\n<\/div>\n<\/div>\n<\/div>\n\n\n\n<div class=\"wp-block-column has-base-background-color has-background is-layout-flow wp-block-column-is-layout-flow\">\n<div class=\"wp-block-columns is-layout-flex wp-container-core-columns-is-layout-9d6595d7 wp-block-columns-is-layout-flex\">\n<div class=\"wp-block-column has-blue-background-color has-background is-layout-flow wp-block-column-is-layout-flow\" style=\"padding-top:30px;padding-right:10px;padding-bottom:30px;padding-left:10px;flex-basis:13%\">\n<figure class=\"wp-block-image size-full\"><img loading=\"lazy\" decoding=\"async\" width=\"500\" height=\"500\" src=\"https:\/\/www.parkinson.ca\/wp-content\/uploads\/2026\/01\/Untitled-design-11.png\" alt=\"\" class=\"wp-image-56196\" srcset=\"https:\/\/www.parkinson.ca\/wp-content\/uploads\/2026\/01\/Untitled-design-11.png 500w, https:\/\/www.parkinson.ca\/wp-content\/uploads\/2026\/01\/Untitled-design-11-300x300.png 300w, https:\/\/www.parkinson.ca\/wp-content\/uploads\/2026\/01\/Untitled-design-11-150x150.png 150w, https:\/\/www.parkinson.ca\/wp-content\/uploads\/2026\/01\/Untitled-design-11-426x426.png 426w, https:\/\/www.parkinson.ca\/wp-content\/uploads\/2026\/01\/Untitled-design-11-50x50.png 50w, https:\/\/www.parkinson.ca\/wp-content\/uploads\/2026\/01\/Untitled-design-11-100x100.png 100w\" sizes=\"auto, (max-width: 500px) 100vw, 500px\" \/><\/figure>\n<\/div>\n\n\n\n<div class=\"wp-block-column is-layout-flow wp-block-column-is-layout-flow\" style=\"flex-basis:66.66%\">\n    <div class='icon-link is-style-download'>\n        <a  href='https:\/\/www.parkinson.ca\/wp-content\/uploads\/2026\/01\/09_Questions_pour_agence_de_soins_a_domicile.pdf'\n            target='_blank' rel='noopener noreferrer'        >\n            Questions \u00e0 poser \u00e0 une agence de soins \u00e0 domicile        <\/a>\n    <\/div>\n\n\n\n<p>Une liste de contr\u00f4le compl\u00e8te pour aider \u00e0 comparer les agences de soins \u00e0 domicile, y compris les services, les r\u00e9f\u00e9rences, les co\u00fbts et les politiques. Elle favorise une prise de d\u00e9cision \u00e9clair\u00e9e et confiante lors du choix de soins professionnels. <br><\/p>\n<\/div>\n<\/div>\n<\/div>\n<\/div>\n\n\n\n<hr class=\"wp-block-separator has-text-color has-sky-blue-color has-alpha-channel-opacity has-sky-blue-background-color has-background\"\/>\n<\/div>\n\n\n\n<div style=\"height:100px\" aria-hidden=\"true\" class=\"wp-block-spacer is-style-responsive-small\"><\/div>\n\n\n\n<h2 class=\"wp-block-heading\">Qui peut en b\u00e9n\u00e9ficier ?<\/h2>\n\n\n\n<div class=\"wp-block-columns are-vertically-aligned-center is-style-default is-layout-flex wp-container-core-columns-is-layout-9d6595d7 wp-block-columns-is-layout-flex\">\n<div class=\"wp-block-column is-vertically-aligned-center has-grey-background-color has-background is-layout-flow wp-block-column-is-layout-flow\" style=\"box-shadow:var(--wp--preset--shadow--natural)\">\n<div class=\"wp-block-cover is-light\" style=\"min-height:200px;aspect-ratio:unset;\"><span aria-hidden=\"true\" class=\"wp-block-cover__background has-grey-background-color has-background-dim-100 has-background-dim\"><\/span><div class=\"wp-block-cover__inner-container is-layout-constrained wp-block-cover-is-layout-constrained\">\n<p class=\"has-text-align-center has-medium-font-size\">Membres de la famille, amis ou conjoints soutenant une personne atteinte de la maladie de Parkinson<\/p>\n<\/div><\/div>\n<\/div>\n\n\n\n<div class=\"wp-block-column is-vertically-aligned-center is-layout-flow wp-block-column-is-layout-flow\">\n<div class=\"wp-block-cover is-light\" style=\"box-shadow:var(--wp--preset--shadow--natural);min-height:270px;aspect-ratio:unset;\"><span aria-hidden=\"true\" class=\"wp-block-cover__background has-grey-background-color has-background-dim-100 has-background-dim\"><\/span><div class=\"wp-block-cover__inner-container is-layout-constrained wp-block-cover-is-layout-constrained\">\n<p class=\"has-text-align-center has-medium-font-size\">Partenaires de soins nouveaux ou exp\u00e9riment\u00e9s<\/p>\n<\/div><\/div>\n<\/div>\n\n\n\n<div class=\"wp-block-column is-vertically-aligned-center has-grey-background-color has-background is-layout-flow wp-block-column-is-layout-flow\" style=\"box-shadow:var(--wp--preset--shadow--natural)\">\n<div class=\"wp-block-cover is-light is-style-default\" style=\"min-height:200px;aspect-ratio:unset;\"><span aria-hidden=\"true\" class=\"wp-block-cover__background has-grey-background-color has-background-dim-100 has-background-dim\"><\/span><div class=\"wp-block-cover__inner-container is-layout-constrained wp-block-cover-is-layout-constrained\">\n<p class=\"has-text-align-center has-medium-font-size\">Toute personne cherchant \u00e0 renforcer sa relation d&rsquo;aide<\/p>\n<\/div><\/div>\n<\/div>\n<\/div>\n\n\n\n<div style=\"height:100px\" aria-hidden=\"true\" class=\"wp-block-spacer is-style-responsive-small\"><\/div>\n\n\n\n<div class=\"wp-block-columns alignfull has-blue-background-color has-background is-layout-flex wp-container-core-columns-is-layout-9d6595d7 wp-block-columns-is-layout-flex\">\n<div class=\"wp-block-column is-layout-flow wp-block-column-is-layout-flow\" style=\"flex-basis:25%\"><\/div>\n\n\n\n<div class=\"wp-block-column is-layout-flow wp-block-column-is-layout-flow\" style=\"flex-basis:50%\">\n<div style=\"height:100px\" aria-hidden=\"true\" class=\"wp-block-spacer is-style-responsive-medium\"><\/div>\n\n\n\n<h2 class=\"wp-block-heading has-text-align-center has-ice-blue-color has-text-color\">Vous n&rsquo;\u00eates pas oblig\u00e9 de tout faire seul<\/h2>\n\n\n\n<p class=\"has-text-align-center\">Commencez d\u00e8s aujourd&rsquo;hui \u00e0 construire un partenariat de soins plus confiant et mieux inform\u00e9.<\/p>\n\n\n\n<div class=\"wp-block-buttons is-content-justification-center is-layout-flex wp-container-core-buttons-is-layout-16018d1d wp-block-buttons-is-layout-flex\">\n<div class=\"wp-block-button\"><a class=\"wp-block-button__link wp-element-button\" href=\"https:\/\/www.parkinson.ca\/download\/52365\/?tmstv=1748028066\">Acc\u00e9dez \u00e0 la ressource<\/a><\/div>\n<\/div>\n\n\n\n<div style=\"height:100px\" aria-hidden=\"true\" class=\"wp-block-spacer is-style-responsive-medium\"><\/div>\n<\/div>\n\n\n\n<div class=\"wp-block-column is-layout-flow wp-block-column-is-layout-flow\" style=\"flex-basis:25%\"><\/div>\n<\/div>\n\n\n\n<div style=\"height:100px\" aria-hidden=\"true\" class=\"wp-block-spacer is-style-responsive-small\"><\/div>\n","protected":false},"excerpt":{"rendered":"<p>Ce livret est destin\u00e9 aux partenaires de soins &#8211; membres de la famille, amis et proches &#8211; qui soutiennent une personne atteinte de la maladie de Parkinson. Que vous soyez nouveau dans ce r\u00f4le ou que vous suiviez ce chemin depuis un certain temps, la prestation de soins est un voyage qui \u00e9volue. La maladie [&hellip;]<\/p>\n","protected":false},"author":90,"featured_media":56334,"parent":47857,"menu_order":0,"comment_status":"closed","ping_status":"closed","template":"","meta":{"_acf_changed":false,"footnotes":""},"class_list":["post-52240","page","type-page","status-publish","has-post-thumbnail","hentry"],"acf":[],"aioseo_notices":[],"_links":{"self":[{"href":"https:\/\/www.parkinson.ca\/fr\/wp-json\/wp\/v2\/pages\/52240","targetHints":{"allow":["GET"]}}],"collection":[{"href":"https:\/\/www.parkinson.ca\/fr\/wp-json\/wp\/v2\/pages"}],"about":[{"href":"https:\/\/www.parkinson.ca\/fr\/wp-json\/wp\/v2\/types\/page"}],"author":[{"embeddable":true,"href":"https:\/\/www.parkinson.ca\/fr\/wp-json\/wp\/v2\/users\/90"}],"replies":[{"embeddable":true,"href":"https:\/\/www.parkinson.ca\/fr\/wp-json\/wp\/v2\/comments?post=52240"}],"version-history":[{"count":13,"href":"https:\/\/www.parkinson.ca\/fr\/wp-json\/wp\/v2\/pages\/52240\/revisions"}],"predecessor-version":[{"id":56348,"href":"https:\/\/www.parkinson.ca\/fr\/wp-json\/wp\/v2\/pages\/52240\/revisions\/56348"}],"up":[{"embeddable":true,"href":"https:\/\/www.parkinson.ca\/fr\/wp-json\/wp\/v2\/pages\/47857"}],"wp:featuredmedia":[{"embeddable":true,"href":"https:\/\/www.parkinson.ca\/fr\/wp-json\/wp\/v2\/media\/56334"}],"wp:attachment":[{"href":"https:\/\/www.parkinson.ca\/fr\/wp-json\/wp\/v2\/media?parent=52240"}],"curies":[{"name":"wp","href":"https:\/\/api.w.org\/{rel}","templated":true}]}}