{"id":44756,"date":"2024-06-17T12:57:22","date_gmt":"2024-06-17T12:57:22","guid":{"rendered":"https:\/\/parkinsonstg.wpenginepowered.com\/home\/"},"modified":"2026-04-20T14:12:12","modified_gmt":"2026-04-20T14:12:12","slug":"home","status":"publish","type":"page","link":"https:\/\/www.parkinson.ca\/fr\/","title":{"rendered":"Accueil"},"content":{"rendered":"\n<div class='alignfull'>\n    <div class='home-hero'>\n        <div class='editor-content'>\n            <div class='home-hero-content-wrapper'>\n                <div class='home-hero-content'>\n                    <div class=\"acf-innerblocks-container\">\n\n<h1 class=\"wp-block-heading has-lilac-color has-text-color has-link-color has-xlarge-font-size wp-elements-cab479e16d224f3c2956a5d89ea293f8\">L&rsquo;acc\u00e8s aux soins ne devrait pas \u00eatre un privil\u00e8ge.<\/h1>\n\n\n\n<p class=\"has-base-color has-text-color has-link-color wp-elements-87d08a7ed3906fc5bdef13461e76761d\">\u00c0 l&rsquo;occasion du Mois de la sensibilisation \u00e0 la maladie de Parkinson, vous pouvez contribuer \u00e0 rendre les soins accessibles.<\/p>\n\n\n\n<div class=\"wp-block-buttons is-layout-flex wp-block-buttons-is-layout-flex\">\n<div class=\"wp-block-button\"><a class=\"wp-block-button__link wp-element-button\" href=\"http:\/\/donate.parkinson.ca\/site\/Donation2?mfc_pref=T&amp;df_id=6770&amp;6770.donation=form1&amp;s_locale=fr_CA\">Faites un don avant le 30 avril<\/a><\/div>\n<\/div>\n\n<\/div>\n                <\/div>\n            <\/div>    \n        <\/div>\n\n        <img loading=\"lazy\" decoding=\"async\" width=\"1120\" height=\"630\" src=\"https:\/\/www.parkinson.ca\/wp-content\/uploads\/2026\/04\/PC-PAM-2026-HomepageBanner-1120x630-1.png\" class=\"home-hero-bg-image\" alt=\"\" srcset=\"https:\/\/www.parkinson.ca\/wp-content\/uploads\/2026\/04\/PC-PAM-2026-HomepageBanner-1120x630-1.png 1120w, https:\/\/www.parkinson.ca\/wp-content\/uploads\/2026\/04\/PC-PAM-2026-HomepageBanner-1120x630-1-300x169.png 300w, https:\/\/www.parkinson.ca\/wp-content\/uploads\/2026\/04\/PC-PAM-2026-HomepageBanner-1120x630-1-1024x576.png 1024w, https:\/\/www.parkinson.ca\/wp-content\/uploads\/2026\/04\/PC-PAM-2026-HomepageBanner-1120x630-1-768x432.png 768w, https:\/\/www.parkinson.ca\/wp-content\/uploads\/2026\/04\/PC-PAM-2026-HomepageBanner-1120x630-1-426x240.png 426w, https:\/\/www.parkinson.ca\/wp-content\/uploads\/2026\/04\/PC-PAM-2026-HomepageBanner-1120x630-1-50x28.png 50w, https:\/\/www.parkinson.ca\/wp-content\/uploads\/2026\/04\/PC-PAM-2026-HomepageBanner-1120x630-1-100x56.png 100w\" sizes=\"auto, (max-width: 1120px) 100vw, 1120px\" \/><div class='overlay'><\/div>        <!-- <img src='https:\/\/www.parkinson.ca\/wp-content\/themes\/parkinson-canada\/assets\/svg\/home-hero-left-graphic.svg' alt='' class='home-hero-left-graphic' \/>\n        <img src='https:\/\/www.parkinson.ca\/wp-content\/themes\/parkinson-canada\/assets\/svg\/home-hero-right-graphic.svg' alt='' class='home-hero-right-graphic' \/> -->\n    <\/div>\n<\/div>\n\n\n<div class=\"wp-block-columns overlay-block is-style-default is-layout-flex wp-container-core-columns-is-layout-9d6595d7 wp-block-columns-is-layout-flex\">\n<div class=\"wp-block-column overlay-col has-base-background-color has-background is-layout-flow wp-block-column-is-layout-flow\" style=\"padding-top:var(--wp--preset--spacing--40);padding-right:var(--wp--preset--spacing--60);padding-bottom:var(--wp--preset--spacing--40);padding-left:var(--wp--preset--spacing--60)\">\n<p><\/p>\n\n\n\n<p class=\"has-large-font-size\"><em>Faire face \u00e0 la maladie de Parkinson peut \u00eatre bouleversant.<\/em><\/p>\n\n\n\n<p class=\"has-large-font-size\"><\/p>\n\n\n\n<h2 class=\"wp-block-heading has-blue-color has-text-color has-link-color wp-elements-6a2db46188b04173c1c69f3aa1cbdb61\">Voici trois bonnes premi\u00e8res \u00e9tapes :<\/h2>\n<\/div>\n\n\n\n<div class=\"wp-block-column no-display-mobile is-layout-flow wp-block-column-is-layout-flow\"><\/div>\n<\/div>\n\n\n\n<div class=\"wp-block-columns is-style-default home-row no-gap-mobile is-layout-flex wp-container-core-columns-is-layout-9d6595d7 wp-block-columns-is-layout-flex\">\n<div class=\"wp-block-column is-vertically-aligned-center number-column is-layout-flow wp-block-column-is-layout-flow\" style=\"padding-right:var(--wp--preset--spacing--60);padding-left:var(--wp--preset--spacing--60);flex-basis:15%\">\n<h2 class=\"wp-block-heading has-text-align-left has-blue-color has-text-color has-link-color wp-elements-88308629bab999187b494985ed1a4de4\" style=\"font-size:75px\">1<\/h2>\n<\/div>\n\n\n\n<div class=\"wp-block-column is-vertically-aligned-center number-copy is-layout-flow wp-block-column-is-layout-flow\">\n<h5 class=\"wp-block-heading has-text-align-left\">S&rsquo;adapter \u00e0 votre diagnostic<\/h5>\n\n\n\n<p class=\"has-text-align-left has-regular-font-size\">Parler aux autres, rester actif, g\u00e9rer les m\u00e9dicaments, etc.<\/p>\n<\/div>\n\n\n\n<div class=\"wp-block-column is-vertically-aligned-bottom is-layout-flow wp-block-column-is-layout-flow\">\n    <div class='icon-link'>\n        <a  href='https:\/\/parkinson.ca\/fr\/home\/mieux-vivre-avec-la-maladie-de-parkinson\/'\n                    >\n            Mieux vivre avec la maladie de Parkinson        <\/a>\n    <\/div>\n\n\n\n<div style=\"height:35px\" aria-hidden=\"true\" class=\"wp-block-spacer\"><\/div>\n<\/div>\n<\/div>\n\n\n\n<div class='custom-link '>\n            <div style='width: 100%; height: 3px; background-color: var(--color--accent);'><\/div>\n    <\/div>\n\n\n<div class=\"wp-block-columns home-row no-gap-mobile is-layout-flex wp-container-core-columns-is-layout-9d6595d7 wp-block-columns-is-layout-flex\">\n<div class=\"wp-block-column is-vertically-aligned-center number-column is-layout-flow wp-block-column-is-layout-flow\" style=\"padding-right:var(--wp--preset--spacing--60);padding-left:var(--wp--preset--spacing--60);flex-basis:15%\">\n<h2 class=\"wp-block-heading has-text-align-left has-blue-color has-text-color has-link-color wp-elements-1b86a0e9d13bb8a6cdd66d75aa611cdb\" style=\"font-size:75px\">2<\/h2>\n<\/div>\n\n\n\n<div class=\"wp-block-column is-vertically-aligned-center number-copy is-layout-flow wp-block-column-is-layout-flow\">\n<h5 class=\"wp-block-heading has-text-align-left\">Trouver des services et des outils<\/h5>\n\n\n\n<p class=\"has-text-align-left has-regular-font-size\">Groupes de soutien, podcasts, livres et webinaires<\/p>\n<\/div>\n\n\n\n<div class=\"wp-block-column is-vertically-aligned-bottom is-layout-flow wp-block-column-is-layout-flow\">\n    <div class='icon-link'>\n        <a  href='https:\/\/parkinson.ca\/fr\/publications\/'\n                    >\n            Trouver des services et des ressources        <\/a>\n    <\/div>\n\n\n\n<div style=\"height:35px\" aria-hidden=\"true\" class=\"wp-block-spacer\"><\/div>\n<\/div>\n<\/div>\n\n\n\n<div class='custom-link '>\n            <div style='width: 100%; height: 3px; background-color: var(--color--accent);'><\/div>\n    <\/div>\n\n\n<div class=\"wp-block-columns home-row no-gap-mobile is-layout-flex wp-container-core-columns-is-layout-093b9794 wp-block-columns-is-layout-flex\" style=\"padding-bottom:0\">\n<div class=\"wp-block-column is-vertically-aligned-center number-column is-layout-flow wp-block-column-is-layout-flow\" style=\"padding-right:var(--wp--preset--spacing--60);padding-left:var(--wp--preset--spacing--60);flex-basis:15%\">\n<h2 class=\"wp-block-heading has-text-align-left has-blue-color has-text-color has-link-color wp-elements-d89d7ff022ccda1f879a09068e74c542\" style=\"font-size:75px\">3<\/h2>\n<\/div>\n\n\n\n<div class=\"wp-block-column is-vertically-aligned-center number-copy is-layout-flow wp-block-column-is-layout-flow\">\n<h5 class=\"wp-block-heading has-text-align-left\">Parlez avec nous<\/h5>\n\n\n\n<p class=\"has-text-align-left has-regular-font-size\">Information et soutien, du lundi au vendredi de 9h \u00e0 16h HNE<\/p>\n<\/div>\n\n\n\n<div class=\"wp-block-column is-vertically-aligned-bottom is-layout-flow wp-block-column-is-layout-flow\">\n    <div class='icon-link'>\n        <a  href='https:\/\/parkinson.ca\/fr\/publications\/ligne-de-soutien-pour-la-maladie-de-parkinson\/'\n                    >\n            D\u00e9couvrez notre ligne de soutien        <\/a>\n    <\/div>\n\n\n\n<div style=\"height:35px\" aria-hidden=\"true\" class=\"wp-block-spacer\"><\/div>\n<\/div>\n<\/div>\n\n\n\n<div style=\"height:100px\" aria-hidden=\"true\" class=\"wp-block-spacer no-display-mobile\"><\/div>\n\n\n\n<div class='overflow-image-text'>\n    <div class='editor-content'>\n        <div>\n            <div class='overflow-image-text-content has-background has-blue-background-color'>\n                <div class='inner-blocks'>\n                    <div class=\"acf-innerblocks-container\">\n\n<h2 class=\"wp-block-heading has-xlarge-font-size\">La maladie de Parkinson est une affection complexe qui touche le cerveau.<\/h2>\n\n\n\n<h2 class=\"wp-block-heading has-medium-font-size\"> Les sympt\u00f4mes apparaissent lorsque les cellules productrices de dopamine cessent de fonctionner ou meurent. La dopamine aide \u00e0 contr\u00f4ler les mouvements de votre corps.<\/h2>\n\n\n\n    <div class='icon-link'>\n        <a  href='https:\/\/parkinson.ca\/fr\/quest-ce-que-la-maladie-de-parkinson\/'\n                    >\n            D\u00e9couvrez les sympt\u00f4mes, l&rsquo;\u00e9volution, les traitements et plus encore.        <\/a>\n    <\/div>\n\n\n\n<div style=\"height:100px\" aria-hidden=\"true\" class=\"wp-block-spacer is-style-responsive-xsmall\"><\/div>\n\n\n\n<div class='custom-link '>\n            <div style='width: 30%; height: 3px; background-color: var(--color--accent);'><\/div>\n    <\/div>\n<\/div>\n                    <img loading=\"lazy\" decoding=\"async\" width=\"580\" height=\"471\" src=\"https:\/\/www.parkinson.ca\/wp-content\/uploads\/2024\/07\/Photo-1.png\" class=\"overflow-image\" alt=\"Smiling woman\" sizes=\"auto, (min-width: 768px) 50vw, 100vw\" srcset=\"https:\/\/www.parkinson.ca\/wp-content\/uploads\/2024\/07\/Photo-1.png 580w, https:\/\/www.parkinson.ca\/wp-content\/uploads\/2024\/07\/Photo-1-300x244.png 300w, https:\/\/www.parkinson.ca\/wp-content\/uploads\/2024\/07\/Photo-1-426x346.png 426w\" \/>                <\/div>\n            <\/div>\n        <\/div>    \n    <\/div>\n<\/div>\n\n\n<div style=\"height:45px\" aria-hidden=\"true\" class=\"wp-block-spacer is-style-responsive-medium\"><\/div>\n\n\n\n<div class=\"wp-block-cover alignfull working-hard-cover\" style=\"padding-top:var(--wp--preset--spacing--40);padding-bottom:var(--wp--preset--spacing--30)\"><img loading=\"lazy\" decoding=\"async\" width=\"1600\" height=\"554\" class=\"wp-block-cover__image-background wp-image-44734\" alt=\"\" src=\"https:\/\/parkinson.ca\/wp-content\/uploads\/2024\/07\/logan-weaver-lgnwvr-lK0l9pzxLps-unsplash.png\" style=\"object-position:56% 54%\" data-object-fit=\"cover\" data-object-position=\"56% 54%\" srcset=\"https:\/\/www.parkinson.ca\/wp-content\/uploads\/2024\/07\/logan-weaver-lgnwvr-lK0l9pzxLps-unsplash.png 1600w, https:\/\/www.parkinson.ca\/wp-content\/uploads\/2024\/07\/logan-weaver-lgnwvr-lK0l9pzxLps-unsplash-300x104.png 300w, https:\/\/www.parkinson.ca\/wp-content\/uploads\/2024\/07\/logan-weaver-lgnwvr-lK0l9pzxLps-unsplash-1024x355.png 1024w, https:\/\/www.parkinson.ca\/wp-content\/uploads\/2024\/07\/logan-weaver-lgnwvr-lK0l9pzxLps-unsplash-768x266.png 768w, https:\/\/www.parkinson.ca\/wp-content\/uploads\/2024\/07\/logan-weaver-lgnwvr-lK0l9pzxLps-unsplash-426x148.png 426w\" sizes=\"auto, (max-width: 1600px) 100vw, 1600px\" \/><span aria-hidden=\"true\" class=\"wp-block-cover__background has-contrast-background-color has-background-dim-70 has-background-dim\"><\/span><div class=\"wp-block-cover__inner-container is-layout-flow wp-block-cover-is-layout-flow\">\n<div class=\"wp-block-columns is-not-stacked-on-mobile is-layout-flex wp-container-core-columns-is-layout-9d6595d7 wp-block-columns-is-layout-flex\">\n<div class=\"wp-block-column is-layout-flow wp-block-column-is-layout-flow\" style=\"padding-top:var(--wp--preset--spacing--30);padding-bottom:var(--wp--preset--spacing--30)\">\n<div style=\"height:60px\" aria-hidden=\"true\" class=\"wp-block-spacer no-display-mobile\"><\/div>\n\n\n\n<h4 class=\"wp-block-heading has-ice-blue-color has-text-color has-link-color has-large-font-size wp-elements-0c421f91d368721422438f2b034ed4b4\">Nous travaillons dur pour am\u00e9liorer la vie des plus de 120 000 personnes qui vivent avec la maladie de Parkinson au Canada.<\/h4>\n\n\n\n<div style=\"height:30px\" aria-hidden=\"true\" class=\"wp-block-spacer no-display-mobile\"><\/div>\n\n\n\n<div class='custom-link '>\n            <div style='width: 15%; height: 3px; background-color: var(--color--accent);'><\/div>\n    <\/div>\n\n\n<div style=\"height:15px\" aria-hidden=\"true\" class=\"wp-block-spacer\"><\/div>\n\n\n\n<div class=\"wp-block-columns no-gap-mobile is-layout-flex wp-container-core-columns-is-layout-9d6595d7 wp-block-columns-is-layout-flex\">\n<div class=\"wp-block-column is-layout-flow wp-block-column-is-layout-flow\" style=\"padding-top:var(--wp--preset--spacing--40);padding-bottom:var(--wp--preset--spacing--40)\">\n<h1 class=\"wp-block-heading has-ice-blue-color has-text-color has-link-color wp-elements-b2e59754b8306761bad2cc109914fb2c\">$2,259,856<\/h1>\n\n\n\n<p class=\"has-medium-font-size\">collect\u00e9s gr\u00e2ce \u00e0 des \u00e9v\u00e9nements communautaires de collecte de fonds  <\/p>\n<\/div>\n\n\n\n<div class=\"wp-block-column is-layout-flow wp-block-column-is-layout-flow\" style=\"padding-top:var(--wp--preset--spacing--40);padding-bottom:var(--wp--preset--spacing--40)\">\n<h1 class=\"wp-block-heading has-ice-blue-color has-text-color has-link-color wp-elements-6c56974cd28f69cab3cf920400c44075\">120<\/h1>\n\n\n\n<p class=\"has-medium-font-size\">des groupes de soutien communautaire dans tout le Canada<\/p>\n<\/div>\n\n\n\n<div class=\"wp-block-column is-layout-flow wp-block-column-is-layout-flow\">\n<h3 class=\"wp-block-heading\">Il y a plus \u00e0 faire<\/h3>\n\n\n\n    <div class='icon-link'>\n        <a  href='https:\/\/parkinson.ca\/fr\/recherche\/programme-de-recherche-sur-la-maladie-de-parkinson-au-canada\/'\n                    >\n            D\u00e9couvrez les projets de recherche et trouvez des financements        <\/a>\n    <\/div>\n\n\n\n    <div class='icon-link'>\n        <a  href='https:\/\/www.parkinson.ca\/fr\/ressources\/publications-educatives\/'\n                    >\n            Publications \u00e9ducatives        <\/a>\n    <\/div>\n<\/div>\n<\/div>\n<\/div>\n<\/div>\n<\/div><\/div>\n\n\n\n<div style=\"height:100px\" aria-hidden=\"true\" class=\"wp-block-spacer\"><\/div>\n\n\n\n<figure class=\"wp-block-image size-large\"><a href=\"https:\/\/www.parkinson.ca\/fr\/facons-de-donner\/benevolat\/\"><img loading=\"lazy\" decoding=\"async\" width=\"1024\" height=\"256\" src=\"https:\/\/www.parkinson.ca\/wp-content\/uploads\/2026\/04\/volunteer-week-web-banner-2-1024x256.png\" alt=\"volunteer week web banner_French\" class=\"wp-image-58802\" srcset=\"https:\/\/www.parkinson.ca\/wp-content\/uploads\/2026\/04\/volunteer-week-web-banner-2-1024x256.png 1024w, https:\/\/www.parkinson.ca\/wp-content\/uploads\/2026\/04\/volunteer-week-web-banner-2-300x75.png 300w, https:\/\/www.parkinson.ca\/wp-content\/uploads\/2026\/04\/volunteer-week-web-banner-2-768x192.png 768w, https:\/\/www.parkinson.ca\/wp-content\/uploads\/2026\/04\/volunteer-week-web-banner-2-426x107.png 426w, https:\/\/www.parkinson.ca\/wp-content\/uploads\/2026\/04\/volunteer-week-web-banner-2-50x13.png 50w, https:\/\/www.parkinson.ca\/wp-content\/uploads\/2026\/04\/volunteer-week-web-banner-2-100x25.png 100w, https:\/\/www.parkinson.ca\/wp-content\/uploads\/2026\/04\/volunteer-week-web-banner-2.png 1200w\" sizes=\"auto, (max-width: 1024px) 100vw, 1024px\" \/><\/a><\/figure>\n\n\n\n<div class=\"wp-block-columns is-layout-flex wp-container-core-columns-is-layout-a1383269 wp-block-columns-is-layout-flex\" style=\"padding-top:var(--wp--preset--spacing--50);padding-bottom:var(--wp--preset--spacing--50)\">\n<div class=\"wp-block-column is-layout-flow wp-block-column-is-layout-flow\" style=\"padding-top:var(--wp--preset--spacing--40);padding-right:0;padding-bottom:var(--wp--preset--spacing--40);padding-left:0\">\n<div style=\"height:51px\" aria-hidden=\"true\" class=\"wp-block-spacer\"><\/div>\n\n\n<div class='donation-wrapper has-background has-blue-background-color'>\n    <div class='donation-content'>\n        <h2>Il n&rsquo;y a pas de progr\u00e8s sans vous.<\/h2>\n        <p>Pour faire un don, veuillez s\u00e9lectionner le type de don que vous souhaitez faire :<\/p>\n    <\/div>\n    <form action=\"https:\/\/donate.parkinson.ca\/site\/Donation2\" method=\"get\" id=\"donation-form\">\n        <div class='donation-input'>\n                            <div class='donate-type'>\n                    <input name='type' type='radio' value='5682' id='Mensuel' onchange=\"updateLink('5682')\"\/>\n                    <label for='Mensuel'>Mensuel<\/label>\n                <\/div>\n                            <div class='donate-type'>\n                    <input name='type' type='radio' value='5800' id='Unique' onchange=\"updateLink('5800')\"\/>\n                    <label for='Unique'>Unique<\/label>\n                <\/div>\n                            <div class='donate-type'>\n                    <input name='type' type='radio' value='5680' id='Enhonneur' onchange=\"updateLink('5680')\"\/>\n                    <label for='Enhonneur'>En honneur<\/label>\n                <\/div>\n                            <div class='donate-type'>\n                    <input name='type' type='radio' value='5681' id='Enm\u00e9moire' onchange=\"updateLink('5681')\"\/>\n                    <label for='Enm\u00e9moire'>En m\u00e9moire<\/label>\n                <\/div>\n            \n            <div class='donation-cta'>\n            <!-- TODO: New Button Code -->\n                <div class=\"wp-block-button\">\n                <a class=\"wp-block-button__link wp-element-button\" id=\"donate-button\" href='https:\/\/donate.parkinson.ca\/site\/Donation2s_locale=fr_CA' target='_blank'>\n                    Faire un don                <\/a>\n                <\/div>\n            <\/div>\n        <\/div>\n    <\/form>\n\n    <script>\n        function updateLink(df_id) {\n            var donateButton = document.getElementById('donate-button');\n            var formAction = \"https:\/\/donate.parkinson.ca\/site\/Donation2?df_id=\" + df_id;\n            donateButton.href = formAction;\n        }\n    <\/script>\n    <img src='https:\/\/www.parkinson.ca\/wp-content\/themes\/parkinson-canada\/assets\/svg\/home-hero-left-graphic.svg' alt='' class='donation-left-graphic' \/>\n    <img src='https:\/\/www.parkinson.ca\/wp-content\/themes\/parkinson-canada\/assets\/svg\/Footer-Right-Graphic.svg' alt='' class='donation-right-graphic' \/>\n<\/div><\/div>\n<\/div>\n\n\n\n<div class=\"wp-block-group alignfull has-grey-background-color has-background is-layout-constrained wp-block-group-is-layout-constrained\">\n<h2 class=\"wp-block-heading has-text-align-center has-blue-color has-text-color has-link-color wp-elements-965902cfd6d242df53ed8058d7e57c67\">Autres fa\u00e7ons de donner<\/h2>\n\n\n\n<div class=\"wp-block-columns is-layout-flex wp-container-core-columns-is-layout-9d6595d7 wp-block-columns-is-layout-flex\">\n<div class=\"wp-block-column is-layout-flow wp-block-column-is-layout-flow\">\n<div class='block-link'>\n\n            <a href='https:\/\/www.parkinson.ca\/fr\/facons-de-donner\/benevole\/' target=''>    \n            <span class='block-link-content'>B\u00e9n\u00e9volat<\/span>\n        <\/a>\n    \n    <img loading=\"lazy\" decoding=\"async\" width=\"400\" height=\"247\" src=\"https:\/\/www.parkinson.ca\/wp-content\/uploads\/2024\/07\/170929-PC_RD-Volunteer-1-600x512-1.png\" class=\"block-link-bg-image\" alt=\"\" srcset=\"https:\/\/www.parkinson.ca\/wp-content\/uploads\/2024\/07\/170929-PC_RD-Volunteer-1-600x512-1.png 400w, https:\/\/www.parkinson.ca\/wp-content\/uploads\/2024\/07\/170929-PC_RD-Volunteer-1-600x512-1-300x185.png 300w\" sizes=\"auto, (max-width: 400px) 100vw, 400px\" \/><\/div><\/div>\n\n\n\n<div class=\"wp-block-column is-layout-flow wp-block-column-is-layout-flow\">\n<div class='block-link'>\n\n            <a href='https:\/\/www.parkinson.ca\/fr\/ressources\/evenements-communautaires-et-webinaires\/' target=''>    \n            <span class='block-link-content'>Participer \u00e0 un \u00e9v\u00e9nement<\/span>\n        <\/a>\n    \n    <img loading=\"lazy\" decoding=\"async\" width=\"1920\" height=\"1080\" src=\"https:\/\/www.parkinson.ca\/wp-content\/uploads\/2024-Parkinson-Canada-CARE-Fund-Request-for-Application-2.png\" class=\"block-link-bg-image\" alt=\"\" srcset=\"https:\/\/www.parkinson.ca\/wp-content\/uploads\/2024-Parkinson-Canada-CARE-Fund-Request-for-Application-2.png 1920w, https:\/\/www.parkinson.ca\/wp-content\/uploads\/2024-Parkinson-Canada-CARE-Fund-Request-for-Application-2-300x169.png 300w, https:\/\/www.parkinson.ca\/wp-content\/uploads\/2024-Parkinson-Canada-CARE-Fund-Request-for-Application-2-700x394.png 700w, https:\/\/www.parkinson.ca\/wp-content\/uploads\/2024-Parkinson-Canada-CARE-Fund-Request-for-Application-2-150x84.png 150w, https:\/\/www.parkinson.ca\/wp-content\/uploads\/2024-Parkinson-Canada-CARE-Fund-Request-for-Application-2-768x432.png 768w, https:\/\/www.parkinson.ca\/wp-content\/uploads\/2024-Parkinson-Canada-CARE-Fund-Request-for-Application-2-1536x864.png 1536w, https:\/\/www.parkinson.ca\/wp-content\/uploads\/2024-Parkinson-Canada-CARE-Fund-Request-for-Application-2-100x56.png 100w, https:\/\/www.parkinson.ca\/wp-content\/uploads\/2024-Parkinson-Canada-CARE-Fund-Request-for-Application-2-890x501.png 890w, https:\/\/www.parkinson.ca\/wp-content\/uploads\/2024-Parkinson-Canada-CARE-Fund-Request-for-Application-2-1264x711.png 1264w\" sizes=\"auto, (max-width: 1920px) 100vw, 1920px\" \/><\/div><\/div>\n\n\n\n<div class=\"wp-block-column is-layout-flow wp-block-column-is-layout-flow\">\n<div class='block-link'>\n\n            <a href='https:\/\/www.parkinson.ca\/fr\/defense-des-interests\/' target=''>    \n            <span class='block-link-content'>Soyez un ambassadeur<\/span>\n        <\/a>\n    \n    <img loading=\"lazy\" decoding=\"async\" width=\"1500\" height=\"975\" src=\"https:\/\/www.parkinson.ca\/wp-content\/uploads\/CareFinder-Homepage-1.jpg\" class=\"block-link-bg-image\" alt=\"\" srcset=\"https:\/\/www.parkinson.ca\/wp-content\/uploads\/CareFinder-Homepage-1.jpg 1500w, https:\/\/www.parkinson.ca\/wp-content\/uploads\/CareFinder-Homepage-1-300x195.jpg 300w, https:\/\/www.parkinson.ca\/wp-content\/uploads\/CareFinder-Homepage-1-700x455.jpg 700w, https:\/\/www.parkinson.ca\/wp-content\/uploads\/CareFinder-Homepage-1-150x98.jpg 150w, https:\/\/www.parkinson.ca\/wp-content\/uploads\/CareFinder-Homepage-1-768x499.jpg 768w, https:\/\/www.parkinson.ca\/wp-content\/uploads\/CareFinder-Homepage-1-100x65.jpg 100w, https:\/\/www.parkinson.ca\/wp-content\/uploads\/CareFinder-Homepage-1-890x579.jpg 890w, https:\/\/www.parkinson.ca\/wp-content\/uploads\/CareFinder-Homepage-1-1264x822.jpg 1264w\" sizes=\"auto, (max-width: 1500px) 100vw, 1500px\" \/><\/div><\/div>\n<\/div>\n<\/div>\n\n\n\n<div class='recent-posts'>\n    <div class='title-wrapper'>\n        <h2 class='has-blue-color has-text-color'>Mises \u00e0 jour r\u00e9centes<\/h2>\n        <div class=\"icon-link is-style-arrow desktop-only\">\n            <a href=\"https:\/\/www.parkinson.ca\/fr\/ressources\/blogue\/\">\n                Voir plus d\u2019articles            <\/a>\n        <\/div>\n    <\/div>\n    <div class='blogs-list'>\n                    \n<div class='post-card-wrapper order-wrapper'>\n    <a class='order-4 stretched-link' aria-labelledby=\"title-58768\" aria-hidden='true' href='https:\/\/www.parkinson.ca\/fr\/ce-que-lacces-aux-soins-signifie-reellement-pour-les-personnes-atteintes-de-le-parkinson-au-canada\/'>\n        <h3 id=\"title-58768\" class='has-medium-font-size'>Ce que l&rsquo;acc\u00e8s aux soins signifie r\u00e9ellement pour les personnes atteintes de le Parkinson au Canada<\/h3>\n    <\/a>\n    <time class='order-2 date'>20 avr. 2026<\/time>\n    <div class='order-3 divider'><\/div>\n    <img loading=\"lazy\" decoding=\"async\" width=\"300\" height=\"169\" src=\"https:\/\/www.parkinson.ca\/wp-content\/uploads\/2026\/04\/PC-PAM-2026-blogimages-1920x1080-FR-300x169.png\" class=\"post-featured-image order-1 wp-post-image\" alt=\"\" sizes=\"auto, (min-width: 768px) 33vw, 100vw\" srcset=\"https:\/\/www.parkinson.ca\/wp-content\/uploads\/2026\/04\/PC-PAM-2026-blogimages-1920x1080-FR-300x169.png 300w, https:\/\/www.parkinson.ca\/wp-content\/uploads\/2026\/04\/PC-PAM-2026-blogimages-1920x1080-FR-1024x576.png 1024w, https:\/\/www.parkinson.ca\/wp-content\/uploads\/2026\/04\/PC-PAM-2026-blogimages-1920x1080-FR-768x432.png 768w, https:\/\/www.parkinson.ca\/wp-content\/uploads\/2026\/04\/PC-PAM-2026-blogimages-1920x1080-FR-426x240.png 426w, https:\/\/www.parkinson.ca\/wp-content\/uploads\/2026\/04\/PC-PAM-2026-blogimages-1920x1080-FR-50x28.png 50w, https:\/\/www.parkinson.ca\/wp-content\/uploads\/2026\/04\/PC-PAM-2026-blogimages-1920x1080-FR-100x56.png 100w, https:\/\/www.parkinson.ca\/wp-content\/uploads\/2026\/04\/PC-PAM-2026-blogimages-1920x1080-FR.png 1920w\" \/><\/div>                    \n<div class='post-card-wrapper order-wrapper'>\n    <a class='order-4 stretched-link' aria-labelledby=\"title-58810\" aria-hidden='true' href='https:\/\/www.parkinson.ca\/fr\/avis-de-lassemblee-generale-annuelle-2026\/'>\n        <h3 id=\"title-58810\" class='has-medium-font-size'>Avis de l&rsquo;Assembl\u00e9e G\u00e9n\u00e9rale Annuelle 2026<\/h3>\n    <\/a>\n    <time class='order-2 date'>15 avr. 2026<\/time>\n    <div class='order-3 divider'><\/div>\n    <img loading=\"lazy\" decoding=\"async\" width=\"200\" height=\"300\" src=\"https:\/\/www.parkinson.ca\/wp-content\/uploads\/2026\/04\/pexels-rdne-7647957-200x300.jpg\" class=\"post-featured-image order-1 wp-post-image\" alt=\"\" sizes=\"auto, (min-width: 768px) 33vw, 100vw\" srcset=\"https:\/\/www.parkinson.ca\/wp-content\/uploads\/2026\/04\/pexels-rdne-7647957-200x300.jpg 200w, https:\/\/www.parkinson.ca\/wp-content\/uploads\/2026\/04\/pexels-rdne-7647957-683x1024.jpg 683w, https:\/\/www.parkinson.ca\/wp-content\/uploads\/2026\/04\/pexels-rdne-7647957-768x1152.jpg 768w, https:\/\/www.parkinson.ca\/wp-content\/uploads\/2026\/04\/pexels-rdne-7647957-426x639.jpg 426w, https:\/\/www.parkinson.ca\/wp-content\/uploads\/2026\/04\/pexels-rdne-7647957-720x1080.jpg 720w, https:\/\/www.parkinson.ca\/wp-content\/uploads\/2026\/04\/pexels-rdne-7647957-1667x2500.jpg 1667w, https:\/\/www.parkinson.ca\/wp-content\/uploads\/2026\/04\/pexels-rdne-7647957-33x50.jpg 33w, https:\/\/www.parkinson.ca\/wp-content\/uploads\/2026\/04\/pexels-rdne-7647957-67x100.jpg 67w, https:\/\/www.parkinson.ca\/wp-content\/uploads\/2026\/04\/pexels-rdne-7647957-scaled.jpg 1707w\" \/><\/div>                    \n<div class='post-card-wrapper order-wrapper'>\n    <a class='order-4 stretched-link' aria-labelledby=\"title-58710\" aria-hidden='true' href='https:\/\/www.parkinson.ca\/fr\/boxe-pour-parkinson-le-combat-dun-architecte-et-la-decouverte-dun-studio\/'>\n        <h3 id=\"title-58710\" class='has-medium-font-size'>Boxe pour Parkinson : le combat d&rsquo;un architecte et la d\u00e9couverte d&rsquo;un studio<\/h3>\n    <\/a>\n    <time class='order-2 date'>8 avr. 2026<\/time>\n    <div class='order-3 divider'><\/div>\n    <img loading=\"lazy\" decoding=\"async\" width=\"300\" height=\"225\" src=\"https:\/\/www.parkinson.ca\/wp-content\/uploads\/2026\/04\/WhatsApp-Image-2026-04-07-at-11.02.31-13-300x225.jpeg\" class=\"post-featured-image order-1 wp-post-image\" alt=\"\" sizes=\"auto, (min-width: 768px) 33vw, 100vw\" srcset=\"https:\/\/www.parkinson.ca\/wp-content\/uploads\/2026\/04\/WhatsApp-Image-2026-04-07-at-11.02.31-13-300x225.jpeg 300w, https:\/\/www.parkinson.ca\/wp-content\/uploads\/2026\/04\/WhatsApp-Image-2026-04-07-at-11.02.31-13-1024x768.jpeg 1024w, https:\/\/www.parkinson.ca\/wp-content\/uploads\/2026\/04\/WhatsApp-Image-2026-04-07-at-11.02.31-13-768x576.jpeg 768w, https:\/\/www.parkinson.ca\/wp-content\/uploads\/2026\/04\/WhatsApp-Image-2026-04-07-at-11.02.31-13-426x320.jpeg 426w, https:\/\/www.parkinson.ca\/wp-content\/uploads\/2026\/04\/WhatsApp-Image-2026-04-07-at-11.02.31-13-1440x1080.jpeg 1440w, https:\/\/www.parkinson.ca\/wp-content\/uploads\/2026\/04\/WhatsApp-Image-2026-04-07-at-11.02.31-13-50x38.jpeg 50w, https:\/\/www.parkinson.ca\/wp-content\/uploads\/2026\/04\/WhatsApp-Image-2026-04-07-at-11.02.31-13-100x75.jpeg 100w, https:\/\/www.parkinson.ca\/wp-content\/uploads\/2026\/04\/WhatsApp-Image-2026-04-07-at-11.02.31-13.jpeg 1600w\" \/><\/div>            <\/div>\n    <div class=\"icon-link is-style-arrow mobile-only\">\n            <a href=\"https:\/\/www.parkinson.ca\/fr\/ressources\/blogue\/\">\n                Voir plus d\u2019articles            <\/a>\n    <\/div>\n<\/div>\n\n\n<div class=\"wp-block-columns is-layout-flex wp-container-core-columns-is-layout-9d6595d7 wp-block-columns-is-layout-flex\">\n<div class=\"wp-block-column is-layout-flow wp-block-column-is-layout-flow\"><\/div>\n<\/div>\n","protected":false},"excerpt":{"rendered":"<p>Faire face \u00e0 la maladie de Parkinson peut \u00eatre bouleversant. Voici trois bonnes premi\u00e8res \u00e9tapes : 1 S&rsquo;adapter \u00e0 votre diagnostic Parler aux autres, rester actif, g\u00e9rer les m\u00e9dicaments, etc. 2 Trouver des services et des outils Groupes de soutien, podcasts, livres et webinaires 3 Parlez avec nous Information et soutien, du lundi au vendredi [&hellip;]<\/p>\n","protected":false},"author":96,"featured_media":41688,"parent":0,"menu_order":0,"comment_status":"closed","ping_status":"closed","template":"","meta":{"_acf_changed":false,"footnotes":""},"class_list":["post-44756","page","type-page","status-publish","has-post-thumbnail","hentry"],"acf":[],"aioseo_notices":[],"_links":{"self":[{"href":"https:\/\/www.parkinson.ca\/fr\/wp-json\/wp\/v2\/pages\/44756","targetHints":{"allow":["GET"]}}],"collection":[{"href":"https:\/\/www.parkinson.ca\/fr\/wp-json\/wp\/v2\/pages"}],"about":[{"href":"https:\/\/www.parkinson.ca\/fr\/wp-json\/wp\/v2\/types\/page"}],"author":[{"embeddable":true,"href":"https:\/\/www.parkinson.ca\/fr\/wp-json\/wp\/v2\/users\/96"}],"replies":[{"embeddable":true,"href":"https:\/\/www.parkinson.ca\/fr\/wp-json\/wp\/v2\/comments?post=44756"}],"version-history":[{"count":49,"href":"https:\/\/www.parkinson.ca\/fr\/wp-json\/wp\/v2\/pages\/44756\/revisions"}],"predecessor-version":[{"id":58854,"href":"https:\/\/www.parkinson.ca\/fr\/wp-json\/wp\/v2\/pages\/44756\/revisions\/58854"}],"wp:featuredmedia":[{"embeddable":true,"href":"https:\/\/www.parkinson.ca\/fr\/wp-json\/wp\/v2\/media\/41688"}],"wp:attachment":[{"href":"https:\/\/www.parkinson.ca\/fr\/wp-json\/wp\/v2\/media?parent=44756"}],"curies":[{"name":"wp","href":"https:\/\/api.w.org\/{rel}","templated":true}]}}